{"id":9026,"date":"2020-05-13T08:03:20","date_gmt":"2020-05-13T08:03:20","guid":{"rendered":"https:\/\/web.lasallesantiago.gal\/?page_id=9026"},"modified":"2020-06-02T08:00:38","modified_gmt":"2020-06-02T08:00:38","slug":"proyde","status":"publish","type":"page","link":"https:\/\/web.lasallesantiago.gal\/es\/proyde\/","title":{"rendered":"PROYDE"},"content":{"rendered":"<div id=\"pl-9026\"  class=\"panel-layout\" ><div id=\"pg-9026-0\"  class=\"panel-grid panel-no-style\" ><div id=\"pgc-9026-0-0\"  class=\"panel-grid-cell\" ><div id=\"panel-9026-0-0-0\" class=\"so-panel widget widget_heading panel-first-child panel-last-child\" data-index=\"0\" ><div class=\"thim-widget-heading template-base\"><div class=\"sc_heading  text-left\"><h3 style=\"text-transform: uppercase;\" class=\"title\">PROYDE<\/h3><p class=\"sub-heading\" style=\"\">La ONG de La Salle para la promoci\u00f3n y el desarrollo<\/p><span class=\"line\"><\/span><\/div><\/div><\/div><\/div><\/div><div id=\"pg-9026-1\"  class=\"panel-grid panel-no-style\" ><div id=\"pgc-9026-1-0\"  class=\"panel-grid-cell\" ><div id=\"panel-9026-1-0-0\" class=\"so-panel widget widget_sow-editor panel-first-child panel-last-child\" data-index=\"1\" ><div\n\t\t\t\n\t\t\tclass=\"so-widget-sow-editor so-widget-sow-editor-base\"\n\t\t\t\n\t\t>\n<div class=\"siteorigin-widget-tinymce textwidget\">\n\t<p>La Asociaci\u00f3n <strong style=\"color: #ba9144;\">PROYDE<\/strong> (Promoci\u00f3n y Desarrollo) es una ONGD sin \u00e1nimo de lucro, <strong>fundada en el a\u00f1o 1988<\/strong> por los Hermanos de las Escuelas Cristianas de La Salle con un objetivo social prioritario: <strong>La Cooperaci\u00f3n al Desarrollo<\/strong>. Seg\u00fan consta en sus estatutos, el fin de la Asociaci\u00f3n es la promoci\u00f3n y el desarrollo de las personas en los pa\u00edses empobrecidos, mediante la realizaci\u00f3n de Proyectos y Programas de Desarrollo.<\/p>\n<p>Para hacer esto posible, Proyde trabaja en:<\/p>\n<ul>\n<li><strong>Programas y Proyectos de Desarrollo en los pa\u00edses empobrecidos<\/strong>, especialmente en el \u00e1mbito del derecho a la educaci\u00f3n.<\/li>\n<li>La <strong>transformaci\u00f3n de las estructuras sociales, pol\u00edticas y econ\u00f3micas<\/strong> que est\u00e1n en el origen de la desigualdad, la injusticia y la exclusi\u00f3n. Tambi\u00e9n por el cambio de los antivalores que contribuyen a mantener estas estructuras. Lo har\u00e1 mediante la Educaci\u00f3n para el Desarrollo y Sensibilizaci\u00f3n, las campa\u00f1as de Incidencia Pol\u00edtica, la promoci\u00f3n del Voluntariado y el compromiso con el Comercio Justo y el Consumo Responsable.<\/li>\n<\/ul>\n<p>Por su vinculaci\u00f3n a los <strong>Hermanos de las Escuelas Cristianas \u2013 La Salle<\/strong>, PROYDE se propone a todos los miembros de la familia lasaliana, y a trav\u00e9s de ellos a toda la sociedad, como cauce privilegiado para la solidaridad tanto en el entorno pr\u00f3ximo como en los pa\u00edses empobrecidos. La fraternidad, el derecho a la educaci\u00f3n y la conversi\u00f3n personal, est\u00e1n en la base de esta vinculaci\u00f3n.<\/p>\n<\/div>\n<\/div><\/div><\/div><\/div><div id=\"pg-9026-2\"  class=\"panel-grid panel-has-style\" ><div class=\"thim-bg-overlay siteorigin-panels-stretch panel-row-style panel-row-style-for-9026-2\" data-stretch-type=\"full\" ><div id=\"pgc-9026-2-0\"  class=\"panel-grid-cell\" ><div id=\"panel-9026-2-0-0\" class=\"so-panel widget widget_single-images panel-first-child panel-last-child\" data-index=\"2\" ><div class=\"thim-widget-single-images template-single-images\">\n<div class=\"single-image text-center\"><img src =\"https:\/\/web.lasallesantiago.gal\/wp-content\/uploads\/2020\/05\/proyde-logo-blanco-01-1.png\" width=\"417\" height=\"417\" alt=\"\"\/><\/div><\/div><\/div><\/div><div id=\"pgc-9026-2-1\"  class=\"panel-grid-cell\" ><div class=\"panel-cell-style panel-cell-style-for-9026-2-1\" ><div id=\"panel-9026-2-1-0\" class=\"so-panel widget widget_sow-editor panel-first-child\" data-index=\"3\" ><div\n\t\t\t\n\t\t\tclass=\"so-widget-sow-editor so-widget-sow-editor-base\"\n\t\t\t\n\t\t>\n<div class=\"siteorigin-widget-tinymce textwidget\">\n\t<p><span style=\"color: white; font-size: 1.5em;\">Mucha gente peque\u00f1a,<br \/>\nhaciendo muchas cosas peque\u00f1as,<br \/>\nen muchos lugares peque\u00f1os,<br \/>\npuede cambiar el mundo<\/span><\/p>\n<\/div>\n<\/div><\/div><div id=\"panel-9026-2-1-1\" class=\"so-panel widget widget_button panel-last-child\" data-index=\"4\" ><div class=\"thim-widget-button template-base\"><a class=\"widget-button  normal custom_style\" href=\"https:\/\/www.proyde.org\/\" style=\"--widget-button-font-size: 14px;--widget-button-font-weight: normal;--widget-button-border-width: 1px;--widget-button-color: #ffffff;--widget-button-border-color: #ba9144;--widget-button-background-color: #ba9144;--widget-button-color-hover: #0b2744;--widget-button-border-color-hover: #ba9144;--widget-button-background-color-hover: #ba9144;\">www.proyde.org<\/a><\/div><\/div><\/div><\/div><\/div><\/div><div id=\"pg-9026-3\"  class=\"panel-grid panel-has-style\" ><div class=\"panel-row-style panel-row-style-for-9026-3\" ><div id=\"pgc-9026-3-0\"  class=\"panel-grid-cell\" ><div id=\"panel-9026-3-0-0\" class=\"so-panel widget widget_sow-editor panel-first-child panel-last-child\" data-index=\"5\" ><div\n\t\t\t\n\t\t\tclass=\"so-widget-sow-editor so-widget-sow-editor-base\"\n\t\t\t\n\t\t>\n<div class=\"siteorigin-widget-tinymce textwidget\">\n\t<h4 style=\"color: #ba9144\">Un Colegio La Salle en Rumbek<\/h4>\n<p>Los Hermanos de La Salle en \u00c1frica, siguiendo una propuesta del \u00faltimo Cap\u00edtulo General, se han comprometido a dar un paso hacia \u201c<em>m\u00e1s all\u00e1 de las fronteras<\/em>\u201d y lo han concretado en <strong>Rumbek<\/strong>.<\/p>\n<p>El centro urbano de Rumbek est\u00e1 compuesto de casas bajas, casi todas de una sola planta. As\u00ed que la ciudad se extiende mucho. Las calles no est\u00e1n asfaltadas, cualquier coche o moto en movimiento, va seguido de una nube de polvo. Menos mal que no hay mucho movimiento de veh\u00edculos. Apenas los todoterreno de las ONG que operan en la zona. Cuando sales del n\u00facleo urbano de Rumbek, te encuentras con un mont\u00f3n de centros escolares. Pareciera que todos los centros educativos se hubieran concentrado en la salida hacia noroeste, por la carretera A43. Pero enseguida, aparece el campo. Los dinkas son normalmente ganaderos, as\u00ed que se ven m\u00e1s campos de pasto con reba\u00f1os de vacas-ceb\u00fa que campos de cultivo.<\/p>\n<p>El <strong>Colegio La Salle de Rumbek<\/strong> estar\u00e1 a unos 11 kil\u00f3metros del centro urbano. En este momento est\u00e1 en obras. Se prev\u00e9 que estar\u00e1 plenamente operativo en tres a\u00f1os. Pero ya hay un grupo de alumnos que se consideran los \u201c<em>primeros alumnos lasalianos de Sud\u00e1n del Sur<\/em>\u201d. Y estuve con ellos.<\/p>\n<p>Las Hermanas de la Bienaventurada Virgen Mar\u00eda, m\u00e1s conocidas como Hermanas de Loreto y en Espa\u00f1a como \u201c<em>las Irlandesas<\/em>\u201d, han comenzado a apoyar la labor de los Hermanos de La Salle en Rumbek. Las Hermanas, tienen ya una trayectoria de 10 a\u00f1os en Rumbek. Comenzaron con un Centro de Secundaria solo para ni\u00f1as, en su compromiso institucional por promocionar a las ni\u00f1as y a las mujeres. Siguiendo el consejo de las autoridades locales, ampliaron su oferta educativa con una Escuela de Primaria mixta y este mismo curso, comenzaba a funcionar un Centro de Salud pedi\u00e1trico, para la atenci\u00f3n de las mujeres y sus hijos.<\/p>\n<p>En este marco de actuaci\u00f3n se ha establecido una colaboraci\u00f3n estrecha entre el colegio de Nuestra Se\u00f1ora de Loreto y el que ser\u00e1 el Colegio La Salle. Por el momento han cedido aulas y profesorado para el primer grupo de alumnos de La Salle. Cuando est\u00e9n disponibles las nuevas aulas, a unos 5 kil\u00f3metros, se trasladar\u00e1n a ellas.<\/p>\n<p>Tambi\u00e9n se comparte la experiencia acumulada por las Hermanas en los 10 a\u00f1os que llevan all\u00ed, especialmente en lo referente a la promoci\u00f3n de las ni\u00f1as y j\u00f3venes; la relaci\u00f3n con las autoridades locales y su inter\u00e9s en la promoci\u00f3n educativa del entorno.<\/p>\n<p>En estos momentos, se est\u00e1 poniendo en marcha todo el proyecto: documentos de propiedad, vallado del terreno, afloramiento del agua para la construcci\u00f3n y luego para consumo y los primeros aportes de materiales de construcci\u00f3n. As\u00ed que, en sucesivas fases, se ir\u00e1 concretando la aportaci\u00f3n educativa lasaliana en Sud\u00e1n del Sur. Para comenzar, un Colegio de Secundaria para ni\u00f1os, que completa la oferta educativa que las Hermanas de Loreto llevan haciendo desde hace tiempo en la zona. Y posibilidades de ampliaci\u00f3n, en el futuro, hacia la formaci\u00f3n profesional de ni\u00f1os y ni\u00f1as.<\/p>\n<\/div>\n<\/div><\/div><\/div><\/div><\/div><div id=\"pg-9026-4\"  class=\"panel-grid panel-no-style\" ><div id=\"pgc-9026-4-0\"  class=\"panel-grid-cell\" ><div id=\"panel-9026-4-0-0\" class=\"so-panel widget widget_tab panel-first-child panel-last-child\" data-index=\"6\" ><div class=\"thim-widget-tab template-tab\">\n<ul class=\"nav nav-tabs\" role=\"tablist\"><li role=\"presentation\" class='active tab-col-2'><a href=\"#thim-widget-tab-11777507661-1-83\"  role=\"tab\" data-toggle=\"tab\">Proyecto Rumbek<\/a><\/li><li role=\"presentation\" class='tab-col-2'><a href=\"#thim-widget-tab-21777507661-1-83\"  role=\"tab\" data-toggle=\"tab\">Comercio Justo<\/a><\/li><\/ul><div class=\"tab-content\"> <div role=\"tabpanel\" class=\"tab-pane active\" id=\"thim-widget-tab-11777507661-1-83\"><h4 style=\"color: #ba9144\">Un Colegio La Salle en Rumbek<\/h4>\n\nLos Hermanos de La Salle en \u00c1frica, siguiendo una propuesta del \u00faltimo Cap\u00edtulo General, se han comprometido a dar un paso hacia \u201cm\u00e1s all\u00e1 de las fronteras\u201d y lo han concretado en <strong>Rumbek<\/strong>.\n<br><br>\nEl centro urbano de Rumbek est\u00e1 compuesto de casas bajas, casi todas de una sola planta. As\u00ed que la ciudad se extiende mucho. Las calles no est\u00e1n asfaltadas, cualquier coche o moto en movimiento, va seguido de una nube de polvo. Menos mal que no hay mucho movimiento de veh\u00edculos. Apenas los todoterreno de las ONG que operan en la zona. Cuando sales del n\u00facleo urbano de Rumbek, te encuentras con un mont\u00f3n de centros escolares. Pareciera que todos los centros educativos se hubieran concentrado en la salida hacia noroeste, por la carretera A43. Pero enseguida, aparece el campo. Los <em>dinkas<\/em> son normalmente ganaderos, as\u00ed que se ven m\u00e1s campos de pasto con reba\u00f1os de vacas-ceb\u00fa que campos de cultivo.\n<br><br>\nEl <strong>Colegio La Salle de Rumbek<\/strong> estar\u00e1 a unos 11 kil\u00f3metros del centro urbano. En este momento est\u00e1 en obras. Se prev\u00e9 que estar\u00e1 plenamente operativo en tres a\u00f1os. Pero ya hay un grupo de alumnos que se consideran los \u201cprimeros alumnos lasalianos de Sud\u00e1n del Sur\u201d. Y estuve con ellos.\n<br><br>\nLas Hermanas de la Bienaventurada Virgen Mar\u00eda, m\u00e1s conocidas como Hermanas de Loreto y en Espa\u00f1a como \u201clas Irlandesas\u201d, han comenzado a apoyar la labor de los Hermanos de La Salle en Rumbek. Las Hermanas, tienen ya una trayectoria de 10 a\u00f1os en Rumbek. Comenzaron con un Centro de Secundaria solo para ni\u00f1as, en su compromiso institucional por promocionar a las ni\u00f1as y a las mujeres. Siguiendo el consejo de las autoridades locales, ampliaron su oferta educativa con una Escuela de Primaria mixta y este mismo curso, comenzaba a funcionar un Centro de Salud pedi\u00e1trico, para la atenci\u00f3n de las mujeres y sus hijos.\n<br><br>\nEn este marco de actuaci\u00f3n se ha establecido una colaboraci\u00f3n estrecha entre el colegio de Nuestra Se\u00f1ora de Loreto y el que ser\u00e1 el Colegio La Salle. Por el momento han cedido aulas y profesorado para el primer grupo de alumnos de La Salle. Cuando est\u00e9n disponibles las nuevas aulas, a unos 5 kil\u00f3metros, se trasladar\u00e1n a ellas.\n<br><br>\nTambi\u00e9n se comparte la experiencia acumulada por las Hermanas en los 10 a\u00f1os que llevan all\u00ed, especialmente en lo referente a la promoci\u00f3n de las ni\u00f1as y j\u00f3venes; la relaci\u00f3n con las autoridades locales y su inter\u00e9s en la promoci\u00f3n educativa del entorno.\n<br><br>\nEn estos momentos, se est\u00e1 poniendo en marcha todo el proyecto: documentos de propiedad, vallado del terreno, afloramiento del agua para la construcci\u00f3n y luego para consumo y los primeros aportes de materiales de construcci\u00f3n. As\u00ed que, en sucesivas fases, se ir\u00e1 concretando la aportaci\u00f3n educativa lasaliana en Sud\u00e1n del Sur. Para comenzar, un Colegio de Secundaria para ni\u00f1os, que completa la oferta educativa que las Hermanas de Loreto llevan haciendo desde hace tiempo en la zona. Y posibilidades de ampliaci\u00f3n, en el futuro, hacia la formaci\u00f3n profesional de ni\u00f1os y ni\u00f1as.<\/div> <div role=\"tabpanel\" class=\"tab-pane\" id=\"thim-widget-tab-21777507661-1-83\"><h4 style=\"color: #ba9144\">\u00bfQu\u00e9 es el Comercio Justo?<\/h4>\n\nEl <strong>Comercio Justo<\/strong> es aquel que garantiza a los productores unas condiciones de producci\u00f3n y comerciales dignas, permiti\u00e9ndoles que se conviertan verdaderamente en actores de su propio Desarrollo.\n<br><br>\nDesde <strong style=\"color: #ba9144\">PROYDE<\/strong> con colaboraci\u00f3n de La Salle creemos en la educaci\u00f3n integral de los alumnos y en la responsabilidad individual de cara al desarrollo de todas las personas.\n<br><br>\nNuestro colegio obtuvo el <strong style=\"color: #ba9144\">certificado de Centro Educativo por el Comercio en 2012<\/strong>. Para ello, el centro <u>cumple los siguientes criterios<\/u>:\n<ol style=\"padding-left: 20px\">\n<li>Tener un grupo de trabajo escolar.<\/li>\n<li>Escribir y adoptar una pol\u00edtica favorable al Comercio Justo.<\/li>\n<li>Promocionar y usar productos de Comercio Justo dentro del Centro Educativo.<\/li>\n<li>Sensibilizar sobre el Comercio Justo, ya sea a trav\u00e9s de talleres de trabajo u otras maneras en el Centro Educativo y la localidad en general.<\/li>\n<\/ol>\n<br>\n<h4 style=\"color: #ba9144\">Tienda Comercio Justo<\/h4>\n\nPor todo lo anterior, tenemos un <strong>punto de venta permanente de Comercio Justo<\/strong> en nuestro centro con este punto de venta:\n<br><br>\n<p style=\"padding-left: 20px\">\n<strong>\nMi\u00e9rcoles de 11:05 a 11:30 en el recreo de Secundaria.<br>\nLunes, mi\u00e9rcoles y viernes en el recreo de Primaria.<br>\nJueves de 17:30 a 18:00.<br>\n<\/strong>\n<\/p><\/div><\/div><\/div><\/div><\/div><\/div><\/div>","protected":false},"excerpt":{"rendered":"<p>La Asociaci\u00f3n PROYDE (Promoci\u00f3n y Desarrollo) es una ONGD sin \u00e1nimo de lucro, fundada en el a\u00f1o 1988 por los Hermanos de las Escuelas Cristianas de La Salle con un objetivo social prioritario: La Cooperaci\u00f3n al Desarrollo. Seg\u00fan consta en &hellip; <\/p>\n","protected":false},"author":1,"featured_media":0,"parent":0,"menu_order":0,"comment_status":"closed","ping_status":"closed","template":"","meta":{"footnotes":""},"class_list":["post-9026","page","type-page","status-publish","hentry"],"_links":{"self":[{"href":"https:\/\/web.lasallesantiago.gal\/es\/wp-json\/wp\/v2\/pages\/9026","targetHints":{"allow":["GET"]}}],"collection":[{"href":"https:\/\/web.lasallesantiago.gal\/es\/wp-json\/wp\/v2\/pages"}],"about":[{"href":"https:\/\/web.lasallesantiago.gal\/es\/wp-json\/wp\/v2\/types\/page"}],"author":[{"embeddable":true,"href":"https:\/\/web.lasallesantiago.gal\/es\/wp-json\/wp\/v2\/users\/1"}],"replies":[{"embeddable":true,"href":"https:\/\/web.lasallesantiago.gal\/es\/wp-json\/wp\/v2\/comments?post=9026"}],"version-history":[{"count":0,"href":"https:\/\/web.lasallesantiago.gal\/es\/wp-json\/wp\/v2\/pages\/9026\/revisions"}],"wp:attachment":[{"href":"https:\/\/web.lasallesantiago.gal\/es\/wp-json\/wp\/v2\/media?parent=9026"}],"curies":[{"name":"wp","href":"https:\/\/api.w.org\/{rel}","templated":true}]}}