{"id":11101,"date":"2020-06-05T07:40:35","date_gmt":"2020-06-05T07:40:35","guid":{"rendered":"https:\/\/web.lasallesantiago.gal\/admisions-bacharelato\/"},"modified":"2025-01-17T10:36:52","modified_gmt":"2025-01-17T09:36:52","slug":"admisions-bacharelato","status":"publish","type":"page","link":"https:\/\/web.lasallesantiago.gal\/es\/admisions-bacharelato\/","title":{"rendered":"Admisiones en Bachillerato"},"content":{"rendered":"<div id=\"pl-11101\"  class=\"panel-layout\" ><div id=\"pg-11101-0\"  class=\"panel-grid panel-no-style\" ><div id=\"pgc-11101-0-0\"  class=\"panel-grid-cell\" ><div id=\"panel-11101-0-0-0\" class=\"so-panel widget widget_heading panel-first-child panel-last-child\" data-index=\"0\" ><div class=\"thim-widget-heading template-base\"><div class=\"sc_heading  text-left\"><h3 style=\"text-transform: uppercase;\" class=\"title\">Admisi\u00f3n Bacharelato<\/h3><p class=\"sub-heading\" style=\"\">INFORMACI\u00d3N PARA A ADMISI\u00d3N DE ALUMNOS PARA BACHARELATO CURSO 2025-2026<\/p><span class=\"line\"><\/span><\/div><\/div><\/div><\/div><\/div><div id=\"pg-11101-1\"  class=\"panel-grid panel-no-style\" ><div id=\"pgc-11101-1-0\"  class=\"panel-grid-cell\" ><div id=\"panel-11101-1-0-0\" class=\"so-panel widget widget_sow-editor panel-first-child panel-last-child\" data-index=\"1\" ><div\n\t\t\t\n\t\t\tclass=\"so-widget-sow-editor so-widget-sow-editor-base\"\n\t\t\t\n\t\t>\n<div class=\"siteorigin-widget-tinymce textwidget\">\n\t<p>El plazo de admisi\u00f3n se abre el <strong>24 de enero de 2025<\/strong>.<\/p>\n<p>Para informaci\u00f3n general, contacte con Secretar\u00eda.<\/p>\n<p>Previo a la solicitud, se debe concertar una entrevista en Secretar\u00eda con el jefe de estudios de Bachillerato para tener una informaci\u00f3n m\u00e1s pormenorizada de todos los temas relacionados con estudios, orientaciones acad\u00e9micas, visita guiada a las instalaciones, aclaraci\u00f3n de dudas...<\/p>\n<\/div>\n<\/div><\/div><\/div><\/div><div id=\"pg-11101-2\"  class=\"panel-grid panel-has-style\" ><div class=\"panel-row-style panel-row-style-for-11101-2\" ><div id=\"pgc-11101-2-0\"  class=\"panel-grid-cell\" ><div id=\"panel-11101-2-0-0\" class=\"so-panel widget widget_sow-editor panel-first-child panel-last-child\" data-index=\"2\" ><div\n\t\t\t\n\t\t\tclass=\"so-widget-sow-editor so-widget-sow-editor-base\"\n\t\t\t\n\t\t>\n<div class=\"siteorigin-widget-tinymce textwidget\">\n\t<h5>Colegio La Salle Santiago<\/h5>\n<p><i class=\"fa fa-map-marker\"><\/i> Praza San Xo\u00e1n Bautista de La Salle, 1<br \/>\n15704 - Santiago de Compostela (A Coru\u00f1a)<br \/>\n<i class=\"fa fa-phone\"><\/i><a href=\"tel:981584611\">  981 584 611<\/a><\/p>\n<\/div>\n<\/div><\/div><\/div><div id=\"pgc-11101-2-1\"  class=\"panel-grid-cell\" ><div id=\"panel-11101-2-1-0\" class=\"so-panel widget widget_sow-editor panel-first-child panel-last-child\" data-index=\"3\" ><div\n\t\t\t\n\t\t\tclass=\"so-widget-sow-editor so-widget-sow-editor-base\"\n\t\t\t\n\t\t>\n<div class=\"siteorigin-widget-tinymce textwidget\">\n\t<h5>Fabio Salvado Vara<\/h5>\n<p>Jefatura de Estudios de Bachillerato<br \/>\n<a class=\"icono correo\" href=\"mailto:bachsantiago@sallep.net\">bachsantiago@sallep.net<\/a><\/p>\n<\/div>\n<\/div><\/div><\/div><div id=\"pgc-11101-2-2\"  class=\"panel-grid-cell\" ><div id=\"panel-11101-2-2-0\" class=\"so-panel widget widget_sow-editor panel-first-child panel-last-child\" data-index=\"4\" ><div\n\t\t\t\n\t\t\tclass=\"so-widget-sow-editor so-widget-sow-editor-base\"\n\t\t\t\n\t\t>\n<div class=\"siteorigin-widget-tinymce textwidget\">\n\t<h5>Mar\u00eda del Carmen Pardo Taibo<\/h5>\n<p>Secretar\u00eda del colegio<br \/>\n<a class=\"icono correo\" href=\"mailto:secretaria@lasallesantiago.gal\">secretaria@lasallesantiago.gal<\/a><\/p>\n<\/div>\n<\/div><\/div><\/div><\/div><\/div><div id=\"pg-11101-3\"  class=\"panel-grid panel-no-style\" ><div id=\"pgc-11101-3-0\"  class=\"panel-grid-cell\" ><div id=\"panel-11101-3-0-0\" class=\"so-panel widget widget_sow-editor panel-first-child panel-last-child\" data-index=\"5\" ><div\n\t\t\t\n\t\t\tclass=\"so-widget-sow-editor so-widget-sow-editor-base\"\n\t\t\t\n\t\t>\n<div class=\"siteorigin-widget-tinymce textwidget\">\n\t<p>Informaci\u00f3n relacionada: <strong><a class=\"icono enlace\" href=\"https:\/\/web.lasallesantiago.gal\/es\/bachillerato\/\">Etapa de Bachillerato<\/a><\/strong><\/p>\n<\/div>\n<\/div><\/div><\/div><\/div><\/div>","protected":false},"excerpt":{"rendered":"<p>El plazo de admisi\u00f3n se abre el 24 de enero de 2025. Para informaci\u00f3n general, contacte con Secretar\u00eda. Previo a la solicitud, se debe concertar una entrevista en Secretar\u00eda con el jefe de estudios de Bachillerato para tener una informaci\u00f3n &hellip; <\/p>\n","protected":false},"author":1,"featured_media":0,"parent":0,"menu_order":0,"comment_status":"closed","ping_status":"closed","template":"","meta":{"footnotes":""},"class_list":["post-11101","page","type-page","status-publish","hentry"],"_links":{"self":[{"href":"https:\/\/web.lasallesantiago.gal\/es\/wp-json\/wp\/v2\/pages\/11101","targetHints":{"allow":["GET"]}}],"collection":[{"href":"https:\/\/web.lasallesantiago.gal\/es\/wp-json\/wp\/v2\/pages"}],"about":[{"href":"https:\/\/web.lasallesantiago.gal\/es\/wp-json\/wp\/v2\/types\/page"}],"author":[{"embeddable":true,"href":"https:\/\/web.lasallesantiago.gal\/es\/wp-json\/wp\/v2\/users\/1"}],"replies":[{"embeddable":true,"href":"https:\/\/web.lasallesantiago.gal\/es\/wp-json\/wp\/v2\/comments?post=11101"}],"version-history":[{"count":1,"href":"https:\/\/web.lasallesantiago.gal\/es\/wp-json\/wp\/v2\/pages\/11101\/revisions"}],"predecessor-version":[{"id":26462,"href":"https:\/\/web.lasallesantiago.gal\/es\/wp-json\/wp\/v2\/pages\/11101\/revisions\/26462"}],"wp:attachment":[{"href":"https:\/\/web.lasallesantiago.gal\/es\/wp-json\/wp\/v2\/media?parent=11101"}],"curies":[{"name":"wp","href":"https:\/\/api.w.org\/{rel}","templated":true}]}}